{"id":5,"date":"2017-01-05T10:30:19","date_gmt":"2017-01-05T09:30:19","guid":{"rendered":"http:\/\/cauris.sn\/espacethialy\/?page_id=5"},"modified":"2021-08-15T10:22:03","modified_gmt":"2021-08-15T08:22:03","slug":"presentation","status":"publish","type":"page","link":"http:\/\/cauris.sn\/espacethialy\/","title":{"rendered":"Pr\u00e9sentation"},"content":{"rendered":"<div id=\"pl-5\"  class=\"panel-layout\" ><div id=\"pg-5-0\"  class=\"panel-grid panel-has-style\" ><div class=\"panel-row-style panel-row-style-for-5-0\" ><div id=\"pgc-5-0-0\"  class=\"panel-grid-cell\" ><div id=\"panel-5-0-0-0\" class=\"so-panel widget widget_sow-headline panel-first-child\" data-index=\"0\" ><div\n\t\t\t\n\t\t\tclass=\"so-widget-sow-headline so-widget-sow-headline-default-ff1f7ef90088-5 so-widget-fittext-wrapper\"\n\t\t\t data-fit-text-compressor=\"0.85\"\n\t\t><div class=\"sow-headline-container \">\n\t\t\t\t\t\t\t<h2 class=\"sow-headline\">\n\t\t\t\t\t\tBienvenue sur le site internet de l\u2019auberge \u00ab Espace Thialy \u00bb, lieu d\u2019accueil inter-culturel et solidaire.\t\t\t\t\t\t<\/h2>\n\t\t\t\t\t\t\t\t\t\t\t\t<h3 class=\"sow-sub-headline\">\n\t\t\t\t\t\tTout ce dont vous avez besoin \u00e0 port\u00e9e de main\t\t\t\t\t\t<\/h3>\n\t\t\t\t\t\t<\/div>\n<\/div><\/div><div id=\"panel-5-0-0-1\" class=\"so-panel widget widget_sow-features panel-last-child\" data-index=\"1\" ><div\n\t\t\t\n\t\t\tclass=\"so-widget-sow-features so-widget-sow-features-default-4d46cbd6fda0-5\"\n\t\t\t\n\t\t><ul\n\tclass=\"sow-features-list\n\tsow-features-responsive\">\n\n\t\t\t<li\n\t\t\tclass=\"sow-features-feature sow-icon-container-position-top\"\n\t\t\tstyle=\"display: flex; flex-direction: column; width: calc(33.333% - 25px);\"\n\t\t>\n\t\t\t\n\t\t\t\t\t\t<div\n\t\t\t\tclass=\"sow-icon-container sow-container-round\"\n\t\t\t\tstyle=\"color: #83c4a8; \"\n\t\t\t\t\t\t\t>\n\t\t\t\t<span class=\"sow-icon-fontawesome sow-fas\" data-sow-icon=\"&#xf1eb;\"\n\t\tstyle=\"font-size: 50px; color: #FFFFFF\" \n\t\taria-hidden=\"true\"><\/span>\t\t\t<\/div>\n\t\t\t\n\t\t\t<div class=\"textwidget\">\n\t\t\t\t\n\t\t\t\t\t\t\t\t\t<h5 class=\"sow-features-feature-title\">\n\t\t\t\t\t\tCouverture wifi totale\t\t\t\t\t<\/h5>\n\t\t\t\t\n\t\t\t\t\t\t\t\t\t<div class=\"sow-features-feature-text\">\n\t\t\t\t\t<p>Que ce soit pour le travail ou tout simplement rester connect\u00e9 avec vos proches, le wifi est disponible dans toutes l'auberge, y compris dans les chambres.<\/p>\n\t\t\t\t\t<\/div>\n\t\t\t\t\t\t\t\t<\/div>\n\t\t\t\t\t\t\t\t<\/li>\n\n\t\t\t<li\n\t\t\tclass=\"sow-features-feature sow-icon-container-position-top\"\n\t\t\tstyle=\"display: flex; flex-direction: column; width: calc(33.333% - 25px);\"\n\t\t>\n\t\t\t\n\t\t\t\t\t\t<div\n\t\t\t\tclass=\"sow-icon-container sow-container-round\"\n\t\t\t\tstyle=\"color: #83c4a8; \"\n\t\t\t\t\t\t\t>\n\t\t\t\t<span class=\"sow-icon-fontawesome sow-fas\" data-sow-icon=\"&#xf5af;\"\n\t\tstyle=\"font-size: 50px; color: #FFFFFF\" \n\t\taria-hidden=\"true\"><\/span>\t\t\t<\/div>\n\t\t\t\n\t\t\t<div class=\"textwidget\">\n\t\t\t\t\n\t\t\t\t\t\t\t\t\t<h5 class=\"sow-features-feature-title\">\n\t\t\t\t\t\tDes navettes pour relier l'a\u00e9roport \u00e0 l'auberge\t\t\t\t\t<\/h5>\n\t\t\t\t\n\t\t\t\t\t\t\t\t\t<div class=\"sow-features-feature-text\">\n\t\t\t\t\t<p>Nous organisons des navettes en voiture et en bus de jour comme de nuit, un accueil s\u00e9curis\u00e9 et personnalis\u00e9.<\/p>\n\t\t\t\t\t<\/div>\n\t\t\t\t\t\t\t\t<\/div>\n\t\t\t\t\t\t\t\t<\/li>\n\n\t\t\t<li\n\t\t\tclass=\"sow-features-feature sow-icon-container-position-top\"\n\t\t\tstyle=\"display: flex; flex-direction: column; width: calc(33.333% - 25px);\"\n\t\t>\n\t\t\t\n\t\t\t\t\t\t<div\n\t\t\t\tclass=\"sow-icon-container sow-container-round\"\n\t\t\t\tstyle=\"color: #83c4a8; \"\n\t\t\t\t\t\t\t>\n\t\t\t\t<span class=\"sow-icon-fontawesome sow-fas\" data-sow-icon=\"&#xf2a7;\"\n\t\tstyle=\"font-size: 50px; color: #FFFFFF\" \n\t\taria-hidden=\"true\"><\/span>\t\t\t<\/div>\n\t\t\t\n\t\t\t<div class=\"textwidget\">\n\t\t\t\t\n\t\t\t\t\t\t\t\t\t<h5 class=\"sow-features-feature-title\">\n\t\t\t\t\t\tDes conseils personnalis\u00e9s\t\t\t\t\t<\/h5>\n\t\t\t\t\n\t\t\t\t\t\t\t\t\t<div class=\"sow-features-feature-text\">\n\t\t\t\t\t<p>Fort de notre exp\u00e9rience de plusieurs dizaines d'ann\u00e9es au S\u00e9n\u00e9gal, nous sommes en mesure de vous conseiller durant votre s\u00e9jour, tant sur les centres d'int\u00e9r\u00eats que sur la mise en relation.<\/p>\n\t\t\t\t\t<\/div>\n\t\t\t\t\t\t\t\t<\/div>\n\t\t\t\t\t\t\t\t<\/li>\n\n\t<\/ul>\n<\/div><\/div><\/div><\/div><\/div><div id=\"pg-5-1\"  class=\"panel-grid panel-no-style\" ><div id=\"pgc-5-1-0\"  class=\"panel-grid-cell\" ><div id=\"panel-5-1-0-0\" class=\"so-panel widget widget_sow-editor panel-first-child panel-last-child\" data-index=\"2\" ><div\n\t\t\t\n\t\t\tclass=\"so-widget-sow-editor so-widget-sow-editor-base\"\n\t\t\t\n\t\t>\n<div class=\"siteorigin-widget-tinymce textwidget\">\n\t<h3 style=\"text-align: center;\"><\/h3>\n<h3><u>Que vous soyez \u00e0 l\u2019\u00e9tranger ou au S\u00e9n\u00e9gal :<\/u><\/h3>\n<p>Quelles que soient vos contraintes, l\u2019auberge \u00ab\u00a0Espace Thialy\u00a0\u00bb vous accueille dans un endroit agr\u00e9able et atypique\u2026<\/p>\n<p><u>Depuis plus de 20 ans<\/u>, nous permettons aux groupes et aux\u00a0individuels de d\u00e9couvrir le S\u00e9n\u00e9gal sous diff\u00e9rents angles : que ce soit du tourisme solidaire,\u00a0des \u00e9changes culturel, des projets de chantiers de jeunes, des associations investies dans le d\u00e9veloppement\u00a0ou\u00a0des personnes de passage\u2026<\/p>\n<p><em>Espaces de travail, de d\u00e9tente, repas typiques et g\u00e9n\u00e9reux (faits maison !), conseils de professionnels, acc\u00e8s \u00e0 internet, s\u00e9curisation de vos biens pr\u00e9cieux, nous mettons tout en oeuvre afin que votre s\u00e9jour se passe dans les meilleures conditions, \u00e0 des tarifs tr\u00e8s comp\u00e9titifs !<\/em><\/p>\n<h3><u>Des conseils, des v\u00e9cus, des projets\u00a0:<\/u><\/h3>\n<p>De leur arriv\u00e9e en 1988 \u00e0 aujourd\u2019hui, Denis &amp; Chantal ont soulev\u00e9 de nombreuses pierres dans les diff\u00e9rentes r\u00e9gions du S\u00e9n\u00e9gal.<\/p>\n<p>Leur force ? Avoir eu l\u2019opportunit\u00e9 d\u2019agir dans toutes les r\u00e9gions du S\u00e9n\u00e9gal et ainsi se construire une connaissance pluri-culturelle des diff\u00e9rentes r\u00e9gions et cultures du pays. C\u2019est ainsi que l\u2019espace Thialy est n\u00e9\u00a0:\u00a0permettre aux individus, souhaitant mener des projets ou d\u00e9couvrir le S\u00e9n\u00e9gal, de contourner les probl\u00e8mes, de mieux appr\u00e9hender les difficult\u00e9s \u2026 tout simplement aller \u00e0 l\u2019essentiel\u2026<\/p>\n<h3><u>Des efforts et des valeurs\u00a0r\u00e9compens\u00e9s :<\/u><\/h3>\n\n\t\t<style type=\"text\/css\">\n\t\t\t#gallery-1 {\n\t\t\t\tmargin: auto;\n\t\t\t}\n\t\t\t#gallery-1 .gallery-item {\n\t\t\t\tfloat: left;\n\t\t\t\tmargin-top: 10px;\n\t\t\t\ttext-align: center;\n\t\t\t\twidth: 25%;\n\t\t\t}\n\t\t\t#gallery-1 img {\n\t\t\t\tborder: 2px solid #cfcfcf;\n\t\t\t}\n\t\t\t#gallery-1 .gallery-caption {\n\t\t\t\tmargin-left: 0;\n\t\t\t}\n\t\t\t\/* see gallery_shortcode() in wp-includes\/media.php *\/\n\t\t<\/style>\n\t\t<div id='gallery-1' class='gallery galleryid-5 gallery-columns-4 gallery-size-large'><dl class='gallery-item'>\n\t\t\t<dt class='gallery-icon landscape'>\n\t\t\t\t<a href='http:\/\/cauris.sn\/espacethialy\/wp-content\/uploads\/2017\/01\/Capture-d\u2019\u00e9cran-2017-01-06-\u00e0-12.46.40.png'><img width=\"632\" height=\"587\" src=\"http:\/\/cauris.sn\/espacethialy\/wp-content\/uploads\/2017\/01\/Capture-d\u2019\u00e9cran-2017-01-06-\u00e0-12.46.40.png\" class=\"attachment-large size-large\" alt=\"\" loading=\"lazy\" srcset=\"http:\/\/cauris.sn\/espacethialy\/wp-content\/uploads\/2017\/01\/Capture-d\u2019\u00e9cran-2017-01-06-\u00e0-12.46.40.png 632w, http:\/\/cauris.sn\/espacethialy\/wp-content\/uploads\/2017\/01\/Capture-d\u2019\u00e9cran-2017-01-06-\u00e0-12.46.40-300x279.png 300w\" sizes=\"(max-width: 632px) 100vw, 632px\" \/><\/a>\n\t\t\t<\/dt><\/dl><dl class='gallery-item'>\n\t\t\t<dt class='gallery-icon portrait'>\n\t\t\t\t<a href='http:\/\/cauris.sn\/espacethialy\/wp-content\/uploads\/2017\/01\/Capture-d\u2019\u00e9cran-2017-01-06-\u00e0-12.45.16.png'><img width=\"726\" height=\"807\" src=\"http:\/\/cauris.sn\/espacethialy\/wp-content\/uploads\/2017\/01\/Capture-d\u2019\u00e9cran-2017-01-06-\u00e0-12.45.16.png\" class=\"attachment-large size-large\" alt=\"\" loading=\"lazy\" srcset=\"http:\/\/cauris.sn\/espacethialy\/wp-content\/uploads\/2017\/01\/Capture-d\u2019\u00e9cran-2017-01-06-\u00e0-12.45.16.png 726w, http:\/\/cauris.sn\/espacethialy\/wp-content\/uploads\/2017\/01\/Capture-d\u2019\u00e9cran-2017-01-06-\u00e0-12.45.16-270x300.png 270w\" sizes=\"(max-width: 726px) 100vw, 726px\" \/><\/a>\n\t\t\t<\/dt><\/dl><dl class='gallery-item'>\n\t\t\t<dt class='gallery-icon landscape'>\n\t\t\t\t<a href='http:\/\/cauris.sn\/espacethialy\/wp-content\/uploads\/2017\/01\/Capture-d\u2019\u00e9cran-2017-01-06-\u00e0-12.44.29.png'><img width=\"778\" height=\"690\" src=\"http:\/\/cauris.sn\/espacethialy\/wp-content\/uploads\/2017\/01\/Capture-d\u2019\u00e9cran-2017-01-06-\u00e0-12.44.29.png\" class=\"attachment-large size-large\" alt=\"\" loading=\"lazy\" srcset=\"http:\/\/cauris.sn\/espacethialy\/wp-content\/uploads\/2017\/01\/Capture-d\u2019\u00e9cran-2017-01-06-\u00e0-12.44.29.png 778w, http:\/\/cauris.sn\/espacethialy\/wp-content\/uploads\/2017\/01\/Capture-d\u2019\u00e9cran-2017-01-06-\u00e0-12.44.29-300x266.png 300w, http:\/\/cauris.sn\/espacethialy\/wp-content\/uploads\/2017\/01\/Capture-d\u2019\u00e9cran-2017-01-06-\u00e0-12.44.29-768x681.png 768w\" sizes=\"(max-width: 778px) 100vw, 778px\" \/><\/a>\n\t\t\t<\/dt><\/dl><dl class='gallery-item'>\n\t\t\t<dt class='gallery-icon landscape'>\n\t\t\t\t<a href='http:\/\/cauris.sn\/espacethialy\/wp-content\/uploads\/2017\/01\/Capture-d\u2019\u00e9cran-2017-01-06-\u00e0-12.42.27.png'><img width=\"780\" height=\"277\" src=\"http:\/\/cauris.sn\/espacethialy\/wp-content\/uploads\/2017\/01\/Capture-d\u2019\u00e9cran-2017-01-06-\u00e0-12.42.27.png\" class=\"attachment-large size-large\" alt=\"\" loading=\"lazy\" srcset=\"http:\/\/cauris.sn\/espacethialy\/wp-content\/uploads\/2017\/01\/Capture-d\u2019\u00e9cran-2017-01-06-\u00e0-12.42.27.png 780w, http:\/\/cauris.sn\/espacethialy\/wp-content\/uploads\/2017\/01\/Capture-d\u2019\u00e9cran-2017-01-06-\u00e0-12.42.27-300x107.png 300w, http:\/\/cauris.sn\/espacethialy\/wp-content\/uploads\/2017\/01\/Capture-d\u2019\u00e9cran-2017-01-06-\u00e0-12.42.27-768x273.png 768w\" sizes=\"(max-width: 780px) 100vw, 780px\" \/><\/a>\n\t\t\t<\/dt><\/dl><br style=\"clear: both\" \/>\n\t\t<\/div>\n\n<\/div>\n<\/div><\/div><\/div><\/div><\/div>","protected":false},"excerpt":{"rendered":"<p>Que vous soyez \u00e0 l\u2019\u00e9tranger ou au S\u00e9n\u00e9gal : Quelles que soient vos contraintes, l\u2019auberge \u00ab\u00a0Espace Thialy\u00a0\u00bb vous accueille dans un endroit agr\u00e9able et atypique\u2026 Depuis plus de 20 ans, nous permettons aux groupes et aux\u00a0individuels de d\u00e9couvrir le S\u00e9n\u00e9gal sous diff\u00e9rents angles : que ce soit du tourisme solidaire,\u00a0des \u00e9changes culturel, des projets deLire la suite &rarr;<\/p>\n","protected":false},"author":1,"featured_media":0,"parent":0,"menu_order":0,"comment_status":"closed","ping_status":"closed","template":"","meta":[],"yoast_head":"<!-- This site is optimized with the Yoast SEO plugin v20.0 - https:\/\/yoast.com\/wordpress\/plugins\/seo\/ -->\n<title>Pr\u00e9sentation - H\u00e9bergement sur Dakar - Auberge de l&#039;espace Thialy<\/title>\n<meta name=\"description\" content=\"Auberge - Logement - H\u00e9bergement sur Dakar - Lieu d&#039;\u00e9change entre projets humanitaires, tourisme solidaire, Dakar et villes du S\u00e9n\u00e9gal\" \/>\n<meta name=\"robots\" content=\"index, follow, max-snippet:-1, max-image-preview:large, max-video-preview:-1\" \/>\n<link rel=\"canonical\" href=\"http:\/\/cauris.sn\/espacethialy\/\" \/>\n<meta property=\"og:locale\" content=\"fr_FR\" \/>\n<meta property=\"og:type\" content=\"article\" \/>\n<meta property=\"og:title\" content=\"Pr\u00e9sentation - H\u00e9bergement sur Dakar - Auberge de l&#039;espace Thialy\" \/>\n<meta property=\"og:description\" content=\"Auberge - Logement - H\u00e9bergement sur Dakar - Lieu d&#039;\u00e9change entre projets humanitaires, tourisme solidaire, Dakar et villes du S\u00e9n\u00e9gal\" \/>\n<meta property=\"og:url\" content=\"http:\/\/cauris.sn\/espacethialy\/\" \/>\n<meta property=\"og:site_name\" content=\"H\u00e9bergement sur Dakar - Auberge de l&#039;espace Thialy\" \/>\n<meta property=\"article:modified_time\" content=\"2021-08-15T08:22:03+00:00\" \/>\n<meta property=\"og:image\" content=\"http:\/\/cauris.sn\/espacethialy\/wp-content\/uploads\/2017\/01\/Capture-d\u2019\u00e9cran-2017-01-06-\u00e0-12.46.40.png\" \/>\n<meta name=\"twitter:card\" content=\"summary_large_image\" \/>\n<meta name=\"twitter:label1\" content=\"Dur\u00e9e de lecture estim\u00e9e\" \/>\n\t<meta name=\"twitter:data1\" content=\"1 minute\" \/>\n<script type=\"application\/ld+json\" class=\"yoast-schema-graph\">{\"@context\":\"https:\/\/schema.org\",\"@graph\":[{\"@type\":\"WebPage\",\"@id\":\"http:\/\/cauris.sn\/espacethialy\/\",\"url\":\"http:\/\/cauris.sn\/espacethialy\/\",\"name\":\"Pr\u00e9sentation - H\u00e9bergement sur Dakar - Auberge de l&#039;espace Thialy\",\"isPartOf\":{\"@id\":\"https:\/\/cauris.sn\/espacethialy\/#website\"},\"datePublished\":\"2017-01-05T09:30:19+00:00\",\"dateModified\":\"2021-08-15T08:22:03+00:00\",\"description\":\"Auberge - Logement - H\u00e9bergement sur Dakar - Lieu d'\u00e9change entre projets humanitaires, tourisme solidaire, Dakar et villes du S\u00e9n\u00e9gal\",\"breadcrumb\":{\"@id\":\"http:\/\/cauris.sn\/espacethialy\/#breadcrumb\"},\"inLanguage\":\"fr-FR\",\"potentialAction\":[{\"@type\":\"ReadAction\",\"target\":[\"http:\/\/cauris.sn\/espacethialy\/\"]}]},{\"@type\":\"BreadcrumbList\",\"@id\":\"http:\/\/cauris.sn\/espacethialy\/#breadcrumb\",\"itemListElement\":[{\"@type\":\"ListItem\",\"position\":1,\"name\":\"Accueil\",\"item\":\"http:\/\/cauris.sn\/espacethialy\/\"},{\"@type\":\"ListItem\",\"position\":2,\"name\":\"Pr\u00e9sentation\"}]},{\"@type\":\"WebSite\",\"@id\":\"https:\/\/cauris.sn\/espacethialy\/#website\",\"url\":\"https:\/\/cauris.sn\/espacethialy\/\",\"name\":\"H\u00e9bergement sur Dakar - Auberge de l&#039;espace Thialy\",\"description\":\"Tarifs comp\u00e9titifs, accueil et conseils avertis\",\"publisher\":{\"@id\":\"https:\/\/cauris.sn\/espacethialy\/#organization\"},\"potentialAction\":[{\"@type\":\"SearchAction\",\"target\":{\"@type\":\"EntryPoint\",\"urlTemplate\":\"https:\/\/cauris.sn\/espacethialy\/?s={search_term_string}\"},\"query-input\":\"required name=search_term_string\"}],\"inLanguage\":\"fr-FR\"},{\"@type\":\"Organization\",\"@id\":\"https:\/\/cauris.sn\/espacethialy\/#organization\",\"name\":\"H\u00e9bergement sur Dakar - Auberge de l&#039;espace Thialy\",\"url\":\"https:\/\/cauris.sn\/espacethialy\/\",\"logo\":{\"@type\":\"ImageObject\",\"inLanguage\":\"fr-FR\",\"@id\":\"https:\/\/cauris.sn\/espacethialy\/#\/schema\/logo\/image\/\",\"url\":\"http:\/\/cauris.sn\/espacethialy\/wp-content\/uploads\/2017\/01\/cropped-cropped-verso-thialy-vectorise.png\",\"contentUrl\":\"http:\/\/cauris.sn\/espacethialy\/wp-content\/uploads\/2017\/01\/cropped-cropped-verso-thialy-vectorise.png\",\"width\":512,\"height\":512,\"caption\":\"H\u00e9bergement sur Dakar - Auberge de l&#039;espace Thialy\"},\"image\":{\"@id\":\"https:\/\/cauris.sn\/espacethialy\/#\/schema\/logo\/image\/\"}}]}<\/script>\n<!-- \/ Yoast SEO plugin. -->","yoast_head_json":{"title":"Pr\u00e9sentation - H\u00e9bergement sur Dakar - Auberge de l&#039;espace Thialy","description":"Auberge - Logement - H\u00e9bergement sur Dakar - Lieu d'\u00e9change entre projets humanitaires, tourisme solidaire, Dakar et villes du S\u00e9n\u00e9gal","robots":{"index":"index","follow":"follow","max-snippet":"max-snippet:-1","max-image-preview":"max-image-preview:large","max-video-preview":"max-video-preview:-1"},"canonical":"http:\/\/cauris.sn\/espacethialy\/","og_locale":"fr_FR","og_type":"article","og_title":"Pr\u00e9sentation - H\u00e9bergement sur Dakar - Auberge de l&#039;espace Thialy","og_description":"Auberge - Logement - H\u00e9bergement sur Dakar - Lieu d'\u00e9change entre projets humanitaires, tourisme solidaire, Dakar et villes du S\u00e9n\u00e9gal","og_url":"http:\/\/cauris.sn\/espacethialy\/","og_site_name":"H\u00e9bergement sur Dakar - Auberge de l&#039;espace Thialy","article_modified_time":"2021-08-15T08:22:03+00:00","og_image":[{"url":"http:\/\/cauris.sn\/espacethialy\/wp-content\/uploads\/2017\/01\/Capture-d\u2019\u00e9cran-2017-01-06-\u00e0-12.46.40.png"}],"twitter_card":"summary_large_image","twitter_misc":{"Dur\u00e9e de lecture estim\u00e9e":"1 minute"},"schema":{"@context":"https:\/\/schema.org","@graph":[{"@type":"WebPage","@id":"http:\/\/cauris.sn\/espacethialy\/","url":"http:\/\/cauris.sn\/espacethialy\/","name":"Pr\u00e9sentation - H\u00e9bergement sur Dakar - Auberge de l&#039;espace Thialy","isPartOf":{"@id":"https:\/\/cauris.sn\/espacethialy\/#website"},"datePublished":"2017-01-05T09:30:19+00:00","dateModified":"2021-08-15T08:22:03+00:00","description":"Auberge - Logement - H\u00e9bergement sur Dakar - Lieu d'\u00e9change entre projets humanitaires, tourisme solidaire, Dakar et villes du S\u00e9n\u00e9gal","breadcrumb":{"@id":"http:\/\/cauris.sn\/espacethialy\/#breadcrumb"},"inLanguage":"fr-FR","potentialAction":[{"@type":"ReadAction","target":["http:\/\/cauris.sn\/espacethialy\/"]}]},{"@type":"BreadcrumbList","@id":"http:\/\/cauris.sn\/espacethialy\/#breadcrumb","itemListElement":[{"@type":"ListItem","position":1,"name":"Accueil","item":"http:\/\/cauris.sn\/espacethialy\/"},{"@type":"ListItem","position":2,"name":"Pr\u00e9sentation"}]},{"@type":"WebSite","@id":"https:\/\/cauris.sn\/espacethialy\/#website","url":"https:\/\/cauris.sn\/espacethialy\/","name":"H\u00e9bergement sur Dakar - Auberge de l&#039;espace Thialy","description":"Tarifs comp\u00e9titifs, accueil et conseils avertis","publisher":{"@id":"https:\/\/cauris.sn\/espacethialy\/#organization"},"potentialAction":[{"@type":"SearchAction","target":{"@type":"EntryPoint","urlTemplate":"https:\/\/cauris.sn\/espacethialy\/?s={search_term_string}"},"query-input":"required name=search_term_string"}],"inLanguage":"fr-FR"},{"@type":"Organization","@id":"https:\/\/cauris.sn\/espacethialy\/#organization","name":"H\u00e9bergement sur Dakar - Auberge de l&#039;espace Thialy","url":"https:\/\/cauris.sn\/espacethialy\/","logo":{"@type":"ImageObject","inLanguage":"fr-FR","@id":"https:\/\/cauris.sn\/espacethialy\/#\/schema\/logo\/image\/","url":"http:\/\/cauris.sn\/espacethialy\/wp-content\/uploads\/2017\/01\/cropped-cropped-verso-thialy-vectorise.png","contentUrl":"http:\/\/cauris.sn\/espacethialy\/wp-content\/uploads\/2017\/01\/cropped-cropped-verso-thialy-vectorise.png","width":512,"height":512,"caption":"H\u00e9bergement sur Dakar - Auberge de l&#039;espace Thialy"},"image":{"@id":"https:\/\/cauris.sn\/espacethialy\/#\/schema\/logo\/image\/"}}]}},"_links":{"self":[{"href":"http:\/\/cauris.sn\/espacethialy\/wp-json\/wp\/v2\/pages\/5"}],"collection":[{"href":"http:\/\/cauris.sn\/espacethialy\/wp-json\/wp\/v2\/pages"}],"about":[{"href":"http:\/\/cauris.sn\/espacethialy\/wp-json\/wp\/v2\/types\/page"}],"author":[{"embeddable":true,"href":"http:\/\/cauris.sn\/espacethialy\/wp-json\/wp\/v2\/users\/1"}],"replies":[{"embeddable":true,"href":"http:\/\/cauris.sn\/espacethialy\/wp-json\/wp\/v2\/comments?post=5"}],"version-history":[{"count":27,"href":"http:\/\/cauris.sn\/espacethialy\/wp-json\/wp\/v2\/pages\/5\/revisions"}],"predecessor-version":[{"id":393,"href":"http:\/\/cauris.sn\/espacethialy\/wp-json\/wp\/v2\/pages\/5\/revisions\/393"}],"wp:attachment":[{"href":"http:\/\/cauris.sn\/espacethialy\/wp-json\/wp\/v2\/media?parent=5"}],"curies":[{"name":"wp","href":"https:\/\/api.w.org\/{rel}","templated":true}]}}